{"id":948,"date":"2025-02-13T10:46:46","date_gmt":"2025-02-13T09:46:46","guid":{"rendered":"https:\/\/www.empack.be\/pourquoi-visiter\/"},"modified":"2026-02-13T13:29:27","modified_gmt":"2026-02-13T12:29:27","slug":"pourquoi-visiter","status":"publish","type":"page","link":"https:\/\/www.empack.be\/fr\/pourquoi-visiter\/","title":{"rendered":"Pourquoi visiter ?"},"content":{"rendered":"\t\t<div data-elementor-type=\"wp-page\" data-elementor-id=\"948\" class=\"elementor elementor-948 elementor-105\" data-elementor-post-type=\"page\">\n\t\t\t\t<div class=\"elementor-element elementor-element-2972947 e-flex e-con-boxed e-con e-child\" data-id=\"2972947\" data-element_type=\"container\" data-settings=\"{&quot;background_background&quot;:&quot;classic&quot;}\">\n\t\t\t\t\t<div class=\"e-con-inner\">\n\t\t\t\t<div class=\"elementor-element elementor-element-fe0c23b elementor-widget__width-initial elementor-widget elementor-widget-heading\" data-id=\"fe0c23b\" data-element_type=\"widget\" data-widget_type=\"heading.default\">\n\t\t\t\t<div class=\"elementor-widget-container\">\n\t\t\t\t\t<h1 class=\"elementor-heading-title elementor-size-default\">Pourquoi visiter Empack ?<\/h1>\t\t\t\t<\/div>\n\t\t\t\t<\/div>\n\t\t\t\t\t<\/div>\n\t\t\t\t<\/div>\n\t\t<div class=\"elementor-element elementor-element-21ad21c e-flex e-con-boxed e-con e-parent\" data-id=\"21ad21c\" data-element_type=\"container\" data-settings=\"{&quot;background_background&quot;:&quot;classic&quot;}\">\n\t\t\t\t\t<div class=\"e-con-inner\">\n\t\t\t\t<div class=\"elementor-element elementor-element-6afc2f2 elementor-widget__width-initial elementor-widget elementor-widget-text-editor\" data-id=\"6afc2f2\" data-element_type=\"widget\" data-widget_type=\"text-editor.default\">\n\t\t\t\t<div class=\"elementor-widget-container\">\n\t\t\t\t\t\t\t\t\t<p class=\"\" data-start=\"72\" data-end=\"430\"><strong>Empack est le rendez-vous incontournable des professionnels qui d\u00e9veloppent, produisent ou ach\u00e8tent des emballages.<\/strong> Vous y d\u00e9couvrirez des solutions concr\u00e8tes, vous resterez au fait des derni\u00e8res tendances et vous rencontrerez des partenaires qui vous aideront \u00e0 aller de l&rsquo;avant.<\/p>\n\t\t\t\t\t\t\t\t<\/div>\n\t\t\t\t<\/div>\n\t\t<div class=\"elementor-element elementor-element-68107b9 e-con-full e-flex e-con e-child\" data-id=\"68107b9\" data-element_type=\"container\" data-settings=\"{&quot;background_background&quot;:&quot;classic&quot;}\">\n\t\t\t\t<div class=\"elementor-element elementor-element-6e517b0 elementor-widget elementor-widget-heading\" data-id=\"6e517b0\" data-element_type=\"widget\" data-widget_type=\"heading.default\">\n\t\t\t\t<div class=\"elementor-widget-container\">\n\t\t\t\t\t<h2 class=\"elementor-heading-title elementor-size-default\">\u00c0 quoi pouvez-vous vous attendre ? <\/h2>\t\t\t\t<\/div>\n\t\t\t\t<\/div>\n\t\t\t\t<div class=\"elementor-element elementor-element-1f70b2a elementor-widget elementor-widget-text-editor\" data-id=\"1f70b2a\" data-element_type=\"widget\" data-widget_type=\"text-editor.default\">\n\t\t\t\t<div class=\"elementor-widget-container\">\n\t\t\t\t\t\t\t\t\t<ul style=\"background-color: #ffffff; font-size: 17.7138px;\">\n<li style=\"font-size: 17.7138px;\"><strong>Tout ce qui concerne l&#8217;emballage en un seul endroit<\/strong><br \/>\nDes mat\u00e9riaux et machines au design, en passant par l&rsquo;automatisation et la durabilit\u00e9.<\/li>\n<li style=\"font-size: 17.7138px;\"><strong>Des solutions concr\u00e8tes \u00e0 vos d\u00e9fis<\/strong><br \/>\nVous discutez directement avec des exposants qui r\u00e9fl\u00e9chissent avec vous \u00e0 l&rsquo;efficacit\u00e9, \u00e0 l&rsquo;innovation et \u00e0 la ma\u00eetrise des co\u00fbts.<\/li>\n<li style=\"font-size: 17.7138px;\"><strong>Compr\u00e9hension des tendances et des d\u00e9veloppements<\/strong><br \/>\nGr\u00e2ce \u00e0 des sessions inspirantes, des \u00e9tudes de cas et des innovations.<\/li>\n<li style=\"font-size: 17.7138px;\"><strong>R\u00e9seautage pr\u00e9cieux<\/strong><br \/>\nVous rencontrez des coll\u00e8gues, des experts et des d\u00e9cideurs dans un cadre professionnel et accessible.<\/li>\n<\/ul>\n\t\t\t\t\t\t\t\t<\/div>\n\t\t\t\t<\/div>\n\t\t\t\t<\/div>\n\t\t\t\t\t<\/div>\n\t\t\t\t<\/div>\n\t\t<div class=\"elementor-element elementor-element-e6480cf e-flex e-con-boxed e-con e-parent\" data-id=\"e6480cf\" data-element_type=\"container\" data-settings=\"{&quot;background_background&quot;:&quot;classic&quot;}\">\n\t\t\t\t\t<div class=\"e-con-inner\">\n\t\t<div class=\"elementor-element elementor-element-1f79cba e-flex e-con-boxed e-con e-child\" data-id=\"1f79cba\" data-element_type=\"container\">\n\t\t\t\t\t<div class=\"e-con-inner\">\n\t\t\t\t<div class=\"elementor-element elementor-element-82cca2f elementor-widget elementor-widget-heading\" data-id=\"82cca2f\" data-element_type=\"widget\" data-widget_type=\"heading.default\">\n\t\t\t\t<div class=\"elementor-widget-container\">\n\t\t\t\t\t<h2 class=\"elementor-heading-title elementor-size-default\">\u00c0 qui s'adresse Empack ?<\/h2>\t\t\t\t<\/div>\n\t\t\t\t<\/div>\n\t\t\t\t<div class=\"elementor-element elementor-element-cb19609 elementor-widget elementor-widget-text-editor\" data-id=\"cb19609\" data-element_type=\"widget\" data-widget_type=\"text-editor.default\">\n\t\t\t\t<div class=\"elementor-widget-container\">\n\t\t\t\t\t\t\t\t\t<h4>Empack s&rsquo;adresse \u00e0 diff\u00e9rents profils dans le secteur de l&#8217;emballage et de l&rsquo;industrie :<\/h4>\n\t\t\t\t\t\t\t\t<\/div>\n\t\t\t\t<\/div>\n\t\t<div class=\"elementor-element elementor-element-875bec7 e-grid e-con-full e-con e-child\" data-id=\"875bec7\" data-element_type=\"container\">\n\t\t<div class=\"elementor-element elementor-element-dd7c469 e-grid e-con-full e-con e-child\" data-id=\"dd7c469\" data-element_type=\"container\">\n\t\t\t\t<div class=\"elementor-element elementor-element-1512f9b elementor-flip-box--effect-slide elementor-flip-box--direction-up elementor-widget elementor-widget-flip-box\" data-id=\"1512f9b\" data-element_type=\"widget\" data-widget_type=\"flip-box.default\">\n\t\t\t\t<div class=\"elementor-widget-container\">\n\t\t\t\t\t\t\t<div class=\"elementor-flip-box\" tabindex=\"0\">\n\t\t\t<div class=\"elementor-flip-box__layer elementor-flip-box__front\">\n\t\t\t\t<div class=\"elementor-flip-box__layer__overlay\">\n\t\t\t\t\t<div class=\"elementor-flip-box__layer__inner\">\n\t\t\t\t\t\t\t\t\t\t\t\t\t<div class=\"elementor-icon-wrapper elementor-view-default\">\n\t\t\t\t\t\t\t\t<div class=\"elementor-icon\">\n\t\t\t\t\t\t\t\t\t\t\t\t\t\t\t\t\t<\/div>\n\t\t\t\t\t\t\t<\/div>\n\t\t\t\t\t\t\n\t\t\t\t\t\t\t\t\t\t\t\t\t<h3 class=\"elementor-flip-box__layer__title\">\n\t\t\t\t\t\t\t\t\ud83d\udc77 TECHNIQUE ET OP\u00c9RATIONNEL\t\t\t\t\t\t\t<\/h3>\n\t\t\t\t\t\t\n\t\t\t\t\t\t\t\t\t\t\t\t\t<div class=\"elementor-flip-box__layer__description\">\n\t\t\t\t\t\t\t\tProduction, ing\u00e9nierie, maintenance, op\u00e9rations\t\t\t\t\t\t\t<\/div>\n\t\t\t\t\t\t\t\t\t\t\t<\/div>\n\t\t\t\t<\/div>\n\t\t\t<\/div>\n\t\t\t<div class=\"elementor-flip-box__layer elementor-flip-box__back\">\n\t\t\t<div class=\"elementor-flip-box__layer__overlay\">\n\t\t\t\t<div class=\"elementor-flip-box__layer__inner\">\n\t\t\t\t\t\n\t\t\t\t\t\t\t\t\t\t\t<div class=\"elementor-flip-box__layer__description\">\n\t\t\t\t\t\t\tVous d\u00e9couvrirez des machines, des mat\u00e9riaux et des solutions d'automatisation qui rendront vos processus plus efficaces, plus fiables et plus durables. \t\t\t\t\t\t<\/div>\n\t\t\t\t\t\n\t\t\t\t\t\t\t\t<\/div>\n\t\t<\/div>\n\t\t<\/div>\n\t\t<\/div>\n\t\t\t\t\t\t<\/div>\n\t\t\t\t<\/div>\n\t\t\t\t<\/div>\n\t\t\t\t<div class=\"elementor-element elementor-element-7950396 elementor-flip-box--effect-slide elementor-flip-box--direction-up elementor-widget elementor-widget-flip-box\" data-id=\"7950396\" data-element_type=\"widget\" data-widget_type=\"flip-box.default\">\n\t\t\t\t<div class=\"elementor-widget-container\">\n\t\t\t\t\t\t\t<div class=\"elementor-flip-box\" tabindex=\"0\">\n\t\t\t<div class=\"elementor-flip-box__layer elementor-flip-box__front\">\n\t\t\t\t<div class=\"elementor-flip-box__layer__overlay\">\n\t\t\t\t\t<div class=\"elementor-flip-box__layer__inner\">\n\t\t\t\t\t\t\t\t\t\t\t\t\t<div class=\"elementor-icon-wrapper elementor-view-default\">\n\t\t\t\t\t\t\t\t<div class=\"elementor-icon\">\n\t\t\t\t\t\t\t\t\t\t\t\t\t\t\t\t\t<\/div>\n\t\t\t\t\t\t\t<\/div>\n\t\t\t\t\t\t\n\t\t\t\t\t\t\t\t\t\t\t\t\t<h3 class=\"elementor-flip-box__layer__title\">\n\t\t\t\t\t\t\t\t\ud83c\udfa8 MARKETING, R&amp;D ET D\u00c9VELOPPEMENT DES EMBALLAGES \t\t\t\t\t\t\t<\/h3>\n\t\t\t\t\t\t\n\t\t\t\t\t\t\t\t\t\t\t\t\t<div class=\"elementor-flip-box__layer__description\">\n\t\t\t\t\t\t\t\tMarque, marketing, innovation, design\t\t\t\t\t\t\t<\/div>\n\t\t\t\t\t\t\t\t\t\t\t<\/div>\n\t\t\t\t<\/div>\n\t\t\t<\/div>\n\t\t\t<div class=\"elementor-flip-box__layer elementor-flip-box__back\">\n\t\t\t<div class=\"elementor-flip-box__layer__overlay\">\n\t\t\t\t<div class=\"elementor-flip-box__layer__inner\">\n\t\t\t\t\t\n\t\t\t\t\t\t\t\t\t\t\t<div class=\"elementor-flip-box__layer__description\">\n\t\t\t\t\t\t\tVous trouverez l'inspiration dans le design, les mat\u00e9riaux et les tendances, et rencontrerez des partenaires qui vous aideront \u00e0 renouveler et \u00e0 renforcer vos emballages. \t\t\t\t\t\t<\/div>\n\t\t\t\t\t\n\t\t\t\t\t\t\t\t<\/div>\n\t\t<\/div>\n\t\t<\/div>\n\t\t<\/div>\n\t\t\t\t\t\t<\/div>\n\t\t\t\t<\/div>\n\t\t\t\t<div class=\"elementor-element elementor-element-a81d958 elementor-flip-box--effect-slide elementor-flip-box--direction-up elementor-widget elementor-widget-flip-box\" data-id=\"a81d958\" data-element_type=\"widget\" data-widget_type=\"flip-box.default\">\n\t\t\t\t<div class=\"elementor-widget-container\">\n\t\t\t\t\t\t\t<div class=\"elementor-flip-box\" tabindex=\"0\">\n\t\t\t<div class=\"elementor-flip-box__layer elementor-flip-box__front\">\n\t\t\t\t<div class=\"elementor-flip-box__layer__overlay\">\n\t\t\t\t\t<div class=\"elementor-flip-box__layer__inner\">\n\t\t\t\t\t\t\n\t\t\t\t\t\t\t\t\t\t\t\t\t<h3 class=\"elementor-flip-box__layer__title\">\n\t\t\t\t\t\t\t\t\ud83d\udcca GESTION, ACHATS ET CHA\u00ceNE D'APPROVISIONNEMENT\t\t\t\t\t\t\t<\/h3>\n\t\t\t\t\t\t\n\t\t\t\t\t\t\t\t\t\t\t\t\t<div class=\"elementor-flip-box__layer__description\">\n\t\t\t\t\t\t\t\tDirection, achats, cha\u00eene d'approvisionnement <br> \t\t\t\t\t\t\t<\/div>\n\t\t\t\t\t\t\t\t\t\t\t<\/div>\n\t\t\t\t<\/div>\n\t\t\t<\/div>\n\t\t\t<div class=\"elementor-flip-box__layer elementor-flip-box__back\">\n\t\t\t<div class=\"elementor-flip-box__layer__overlay\">\n\t\t\t\t<div class=\"elementor-flip-box__layer__inner\">\n\t\t\t\t\t\n\t\t\t\t\t\t\t\t\t\t\t<div class=\"elementor-flip-box__layer__description\">\n\t\t\t\t\t\t\tVous obtenez une vue d'ensemble du march\u00e9, comparez les solutions et \u00e9tablissez des contacts pr\u00e9cieux avec des fournisseurs et partenaires (nouveaux). \t\t\t\t\t\t<\/div>\n\t\t\t\t\t\n\t\t\t\t\t\t\t\t<\/div>\n\t\t<\/div>\n\t\t<\/div>\n\t\t<\/div>\n\t\t\t\t\t\t<\/div>\n\t\t\t\t<\/div>\n\t\t\t\t<\/div>\n\t\t\t\t\t<\/div>\n\t\t\t\t<\/div>\n\t\t\t\t\t<\/div>\n\t\t\t\t<\/div>\n\t\t<div class=\"elementor-element elementor-element-9a26634 e-flex e-con-boxed e-con e-parent\" data-id=\"9a26634\" data-element_type=\"container\">\n\t\t\t\t\t<div class=\"e-con-inner\">\n\t\t<div class=\"elementor-element elementor-element-bf2e156 e-con-full e-flex e-con e-child\" data-id=\"bf2e156\" data-element_type=\"container\">\n\t\t\t\t<div class=\"elementor-element elementor-element-78dfa3f elementor-widget elementor-widget-heading\" data-id=\"78dfa3f\" data-element_type=\"widget\" data-widget_type=\"heading.default\">\n\t\t\t\t<div class=\"elementor-widget-container\">\n\t\t\t\t\t<h2 class=\"elementor-heading-title elementor-size-default\">La parole aux professionnels<\/h2>\t\t\t\t<\/div>\n\t\t\t\t<\/div>\n\t\t\t\t<div class=\"elementor-element elementor-element-655ecf4 elementor-widget elementor-widget-text-editor\" data-id=\"655ecf4\" data-element_type=\"widget\" data-widget_type=\"text-editor.default\">\n\t\t\t\t<div class=\"elementor-widget-container\">\n\t\t\t\t\t\t\t\t\t<p><strong>Ils expliquent pourquoi Empack leur est indispensable.<\/strong><\/p>\n\t\t\t\t\t\t\t\t<\/div>\n\t\t\t\t<\/div>\n\t\t<div class=\"elementor-element elementor-element-9ab50d0 e-con-full e-flex e-con e-child\" data-id=\"9ab50d0\" data-element_type=\"container\">\n\t\t<div class=\"elementor-element elementor-element-433dcf7 e-flex e-con-boxed e-con e-child\" data-id=\"433dcf7\" data-element_type=\"container\" data-settings=\"{&quot;background_background&quot;:&quot;classic&quot;}\">\n\t\t\t\t\t<div class=\"e-con-inner\">\n\t\t<div class=\"elementor-element elementor-element-793c354 e-con-full e-flex e-con e-child\" data-id=\"793c354\" data-element_type=\"container\" data-settings=\"{&quot;background_background&quot;:&quot;classic&quot;}\">\n\t\t\t\t<div class=\"elementor-element elementor-element-b59dc11 elementor-widget elementor-widget-image\" data-id=\"b59dc11\" data-element_type=\"widget\" data-widget_type=\"image.default\">\n\t\t\t\t<div class=\"elementor-widget-container\">\n\t\t\t\t\t\t\t\t\t\t\t\t\t\t\t<img fetchpriority=\"high\" decoding=\"async\" width=\"800\" height=\"533\" src=\"https:\/\/easyfairsassets.com\/sites\/351\/2025\/08\/lotte-krekels-1.jpg\" class=\"attachment-large size-large wp-image-38344\" alt=\"lotte krekels\" srcset=\"https:\/\/easyfairsassets.com\/sites\/351\/2025\/08\/lotte-krekels-1.jpg 800w, https:\/\/easyfairsassets.com\/sites\/351\/2025\/08\/lotte-krekels-1-300x200.jpg 300w, https:\/\/easyfairsassets.com\/sites\/351\/2025\/08\/lotte-krekels-1-768x512.jpg 768w\" sizes=\"(max-width: 800px) 100vw, 800px\" \/>\t\t\t\t\t\t\t\t\t\t\t\t\t\t\t<\/div>\n\t\t\t\t<\/div>\n\t\t\t\t<\/div>\n\t\t<div class=\"elementor-element elementor-element-58851f2 e-con-full e-flex e-con e-child\" data-id=\"58851f2\" data-element_type=\"container\">\n\t\t\t\t<div class=\"elementor-element elementor-element-5cc16bb elementor-widget elementor-widget-heading\" data-id=\"5cc16bb\" data-element_type=\"widget\" data-widget_type=\"heading.default\">\n\t\t\t\t<div class=\"elementor-widget-container\">\n\t\t\t\t\t<h4 class=\"elementor-heading-title elementor-size-default\">Lotte Krekels<\/h4>\t\t\t\t<\/div>\n\t\t\t\t<\/div>\n\t\t\t\t<div class=\"elementor-element elementor-element-e6e6127 elementor-widget elementor-widget-heading\" data-id=\"e6e6127\" data-element_type=\"widget\" data-widget_type=\"heading.default\">\n\t\t\t\t<div class=\"elementor-widget-container\">\n\t\t\t\t\t<h5 class=\"elementor-heading-title elementor-size-default\">Packaging Manager, Carrefour Belgium<\/h5>\t\t\t\t<\/div>\n\t\t\t\t<\/div>\n\t\t\t\t<div class=\"elementor-element elementor-element-9cd6344 elementor-widget elementor-widget-text-editor\" data-id=\"9cd6344\" data-element_type=\"widget\" data-widget_type=\"text-editor.default\">\n\t\t\t\t<div class=\"elementor-widget-container\">\n\t\t\t\t\t\t\t\t\t<p>\u00ab Les emballages sont une opportunit\u00e9 de renforcer la fid\u00e9lit\u00e9 \u00e0 la marque et de contribuer \u00e0 un monde meilleur. \u00bb<\/p>\n\t\t\t\t\t\t\t\t<\/div>\n\t\t\t\t<\/div>\n\t\t\t\t<div class=\"elementor-element elementor-element-74da381 elementor-widget elementor-widget-text-editor\" data-id=\"74da381\" data-element_type=\"widget\" data-widget_type=\"text-editor.default\">\n\t\t\t\t<div class=\"elementor-widget-container\">\n\t\t\t\t\t\t\t\t\t<p>Lotte dirige le d\u00e9partement emballage chez Carrefour Belgique et travaille sur plus de 1 000 projets par an, toujours ax\u00e9s sur la durabilit\u00e9 et l&rsquo;innovation. \u00c0 Empack, elle recherche de nouveaux mat\u00e9riaux, des conceptions recyclables et des syst\u00e8mes circulaires afin de r\u00e9duire l&#8217;empreinte \u00e9cologique de Carrefour.<\/p>\n\t\t\t\t\t\t\t\t<\/div>\n\t\t\t\t<\/div>\n\t\t\t\t<\/div>\n\t\t\t\t\t<\/div>\n\t\t\t\t<\/div>\n\t\t<div class=\"elementor-element elementor-element-5a84a45 e-con-full e-flex e-con e-child\" data-id=\"5a84a45\" data-element_type=\"container\" data-settings=\"{&quot;background_background&quot;:&quot;classic&quot;}\">\n\t\t<div class=\"elementor-element elementor-element-4107279 e-con-full e-flex e-con e-child\" data-id=\"4107279\" data-element_type=\"container\">\n\t\t\t\t<div class=\"elementor-element elementor-element-1fc2440 elementor-widget elementor-widget-heading\" data-id=\"1fc2440\" data-element_type=\"widget\" data-widget_type=\"heading.default\">\n\t\t\t\t<div class=\"elementor-widget-container\">\n\t\t\t\t\t<h4 class=\"elementor-heading-title elementor-size-default\">Ernie Sali\u00ebn<\/h4>\t\t\t\t<\/div>\n\t\t\t\t<\/div>\n\t\t\t\t<div class=\"elementor-element elementor-element-2651ecf elementor-widget elementor-widget-heading\" data-id=\"2651ecf\" data-element_type=\"widget\" data-widget_type=\"heading.default\">\n\t\t\t\t<div class=\"elementor-widget-container\">\n\t\t\t\t\t<h5 class=\"elementor-heading-title elementor-size-default\">Equipment &amp; Project Engineer, Pfizer NV<\/h5>\t\t\t\t<\/div>\n\t\t\t\t<\/div>\n\t\t\t\t<div class=\"elementor-element elementor-element-ddbd2dc elementor-widget elementor-widget-text-editor\" data-id=\"ddbd2dc\" data-element_type=\"widget\" data-widget_type=\"text-editor.default\">\n\t\t\t\t<div class=\"elementor-widget-container\">\n\t\t\t\t\t\t\t\t\t<p>\u00ab Allez sur le terrain et \u00e9coutez les hommes et les machines, ils vous diront ce que vous devez am\u00e9liorer. \u00bb<\/p>\n\t\t\t\t\t\t\t\t<\/div>\n\t\t\t\t<\/div>\n\t\t\t\t<div class=\"elementor-element elementor-element-ac671ea elementor-widget elementor-widget-text-editor\" data-id=\"ac671ea\" data-element_type=\"widget\" data-widget_type=\"text-editor.default\">\n\t\t\t\t<div class=\"elementor-widget-container\">\n\t\t\t\t\t\t\t\t\t<p>Pour Ernie, Empack est l&rsquo;endroit id\u00e9al pour entretenir son r\u00e9seau professionnel et se tenir au courant des nouvelles technologies et m\u00e9thodes dans le secteur. Le salon l&rsquo;aide \u00e0 d\u00e9couvrir des solutions et des innovations pertinentes qu&rsquo;il peut imm\u00e9diatement appliquer \u00e0 des projets en cours ou nouveaux.<\/p>\n\t\t\t\t\t\t\t\t<\/div>\n\t\t\t\t<\/div>\n\t\t\t\t<\/div>\n\t\t<div class=\"elementor-element elementor-element-b239bb8 e-con-full e-flex e-con e-child\" data-id=\"b239bb8\" data-element_type=\"container\" data-settings=\"{&quot;background_background&quot;:&quot;classic&quot;}\">\n\t\t\t\t<div class=\"elementor-element elementor-element-ea2d05e elementor-widget elementor-widget-image\" data-id=\"ea2d05e\" data-element_type=\"widget\" data-widget_type=\"image.default\">\n\t\t\t\t<div class=\"elementor-widget-container\">\n\t\t\t\t\t\t\t\t\t\t\t\t\t\t\t<img decoding=\"async\" width=\"450\" height=\"337\" src=\"https:\/\/easyfairsassets.com\/sites\/351\/2025\/08\/Ernie-Salien-3-1-e1755781545645.jpg\" class=\"attachment-full size-full wp-image-38347\" alt=\"Ernie Sali\u00ebn 3\" \/>\t\t\t\t\t\t\t\t\t\t\t\t\t\t\t<\/div>\n\t\t\t\t<\/div>\n\t\t\t\t<\/div>\n\t\t\t\t<\/div>\n\t\t<div class=\"elementor-element elementor-element-f4a9de3 e-con-full e-flex e-con e-child\" data-id=\"f4a9de3\" data-element_type=\"container\" data-settings=\"{&quot;background_background&quot;:&quot;classic&quot;}\">\n\t\t<div class=\"elementor-element elementor-element-cb39509 e-con-full e-flex e-con e-child\" data-id=\"cb39509\" data-element_type=\"container\" data-settings=\"{&quot;background_background&quot;:&quot;classic&quot;}\">\n\t\t\t\t<div class=\"elementor-element elementor-element-551c3ed elementor-widget__width-initial elementor-widget elementor-widget-image\" data-id=\"551c3ed\" data-element_type=\"widget\" data-widget_type=\"image.default\">\n\t\t\t\t<div class=\"elementor-widget-container\">\n\t\t\t\t\t\t\t\t\t\t\t\t\t\t\t<img decoding=\"async\" width=\"768\" height=\"1150\" src=\"https:\/\/easyfairsassets.com\/sites\/351\/2025\/09\/DSC0263-768x1150.jpg\" class=\"attachment-medium_large size-medium_large wp-image-46564\" alt=\"\" srcset=\"https:\/\/easyfairsassets.com\/sites\/351\/2025\/09\/DSC0263-768x1150.jpg 768w, https:\/\/easyfairsassets.com\/sites\/351\/2025\/09\/DSC0263-200x300.jpg 200w, https:\/\/easyfairsassets.com\/sites\/351\/2025\/09\/DSC0263-684x1024.jpg 684w, https:\/\/easyfairsassets.com\/sites\/351\/2025\/09\/DSC0263-1025x1536.jpg 1025w, https:\/\/easyfairsassets.com\/sites\/351\/2025\/09\/DSC0263-1367x2048.jpg 1367w, https:\/\/easyfairsassets.com\/sites\/351\/2025\/09\/DSC0263-scaled.jpg 1709w\" sizes=\"(max-width: 768px) 100vw, 768px\" \/>\t\t\t\t\t\t\t\t\t\t\t\t\t\t\t<\/div>\n\t\t\t\t<\/div>\n\t\t\t\t<\/div>\n\t\t<div class=\"elementor-element elementor-element-c163aeb e-con-full e-flex e-con e-child\" data-id=\"c163aeb\" data-element_type=\"container\">\n\t\t\t\t<div class=\"elementor-element elementor-element-f4ff56c elementor-widget elementor-widget-heading\" data-id=\"f4ff56c\" data-element_type=\"widget\" data-widget_type=\"heading.default\">\n\t\t\t\t<div class=\"elementor-widget-container\">\n\t\t\t\t\t<h4 class=\"elementor-heading-title elementor-size-default\">Bobille Gwena\u00ebl<\/h4>\t\t\t\t<\/div>\n\t\t\t\t<\/div>\n\t\t\t\t<div class=\"elementor-element elementor-element-2844683 elementor-widget elementor-widget-heading\" data-id=\"2844683\" data-element_type=\"widget\" data-widget_type=\"heading.default\">\n\t\t\t\t<div class=\"elementor-widget-container\">\n\t\t\t\t\t<h5 class=\"elementor-heading-title elementor-size-default\">Material System Manager, Procter &amp; Gamble<\/h5>\t\t\t\t<\/div>\n\t\t\t\t<\/div>\n\t\t\t\t<div class=\"elementor-element elementor-element-a18570f elementor-widget elementor-widget-text-editor\" data-id=\"a18570f\" data-element_type=\"widget\" data-widget_type=\"text-editor.default\">\n\t\t\t\t<div class=\"elementor-widget-container\">\n\t\t\t\t\t\t\t\t\t<p>\u00ab Une gestion efficace des mat\u00e9riaux est la colonne vert\u00e9brale de toute op\u00e9ration : elle garantit la continuit\u00e9 de la production et favorise la durabilit\u00e9 et la r\u00e9duction des co\u00fbts. \u00bb<\/p>\n\t\t\t\t\t\t\t\t<\/div>\n\t\t\t\t<\/div>\n\t\t\t\t<div class=\"elementor-element elementor-element-d2a55ab elementor-widget elementor-widget-text-editor\" data-id=\"d2a55ab\" data-element_type=\"widget\" data-widget_type=\"text-editor.default\">\n\t\t\t\t<div class=\"elementor-widget-container\">\n\t\t\t\t\t\t\t\t\t<p>Gwena\u00ebl joue un r\u00f4le crucial dans l&rsquo;optimisation de la cha\u00eene d&rsquo;approvisionnement et la gestion efficace des mati\u00e8res premi\u00e8res chez Procter &amp; Gamble. Empack offre \u00e0 Gwena\u00ebl un moment d&rsquo;inspiration : en une seule journ\u00e9e, il fournit des informations pr\u00e9cieuses sur la durabilit\u00e9, l&rsquo;automatisation et la conception.<\/p>\n\t\t\t\t\t\t\t\t<\/div>\n\t\t\t\t<\/div>\n\t\t\t\t<\/div>\n\t\t\t\t<\/div>\n\t\t\t\t<\/div>\n\t\t\t\t<\/div>\n\t\t\t\t\t<\/div>\n\t\t\t\t<\/div>\n\t\t<div class=\"elementor-element elementor-element-33c1956 e-flex e-con-boxed e-con e-parent\" data-id=\"33c1956\" data-element_type=\"container\" data-settings=\"{&quot;background_background&quot;:&quot;classic&quot;}\">\n\t\t\t\t\t<div class=\"e-con-inner\">\n\t\t<div class=\"elementor-element elementor-element-a9016c7 e-con-full e-flex e-con e-child\" data-id=\"a9016c7\" data-element_type=\"container\" data-settings=\"{&quot;background_background&quot;:&quot;classic&quot;}\">\n\t\t\t\t<div class=\"elementor-element elementor-element-a1372e7 elementor-widget elementor-widget-heading\" data-id=\"a1372e7\" data-element_type=\"widget\" data-widget_type=\"heading.default\">\n\t\t\t\t<div class=\"elementor-widget-container\">\n\t\t\t\t\t<h2 class=\"elementor-heading-title elementor-size-default\">'Empack est un salon tr\u00e8s int\u00e9ressant qui permet de d\u00e9couvrir de nouvelles innovations dans un secteur en constante \u00e9volution.'<\/h2>\t\t\t\t<\/div>\n\t\t\t\t<\/div>\n\t\t\t\t<div class=\"elementor-element elementor-element-bd62cd6 elementor-widget elementor-widget-text-editor\" data-id=\"bd62cd6\" data-element_type=\"widget\" data-widget_type=\"text-editor.default\">\n\t\t\t\t<div class=\"elementor-widget-container\">\n\t\t\t\t\t\t\t\t\t<p>&#8211; Thibault Volders, Visiteur<\/p>\n\t\t\t\t\t\t\t\t<\/div>\n\t\t\t\t<\/div>\n\t\t\t\t<\/div>\n\t\t<div class=\"elementor-element elementor-element-b73f7ba e-con-full elementor-hidden-mobile e-flex e-con e-child\" data-id=\"b73f7ba\" data-element_type=\"container\" data-settings=\"{&quot;background_background&quot;:&quot;classic&quot;}\">\n\t\t\t\t<\/div>\n\t\t\t\t\t<\/div>\n\t\t\t\t<\/div>\n\t\t\t\t<\/div>\n\t\t","protected":false},"excerpt":{"rendered":"<p>Pourquoi visiter Empack ? Empack est le rendez-vous incontournable des professionnels qui d\u00e9veloppent, produisent ou ach\u00e8tent des emballages. Vous y d\u00e9couvrirez des solutions concr\u00e8tes, vous resterez au fait des derni\u00e8res tendances et vous rencontrerez des partenaires qui vous aideront \u00e0 aller de l&rsquo;avant. \u00c0 quoi pouvez-vous vous attendre ? Tout ce qui concerne l&#8217;emballage en [&hellip;]<\/p>\n","protected":false},"author":933,"featured_media":0,"parent":0,"menu_order":1,"comment_status":"closed","ping_status":"closed","template":"","meta":{"_seopress_robots_primary_cat":"","_seopress_titles_title":"Pourquoi visiter Empack Gand \u00e0 Flanders Expo ?","_seopress_titles_desc":"Un salon professionnel pour toutes les organisations actives dans l'industrie de l'emballage | Flanders Expo | 22 et 23 septembre 2026","_seopress_robots_index":"","footnotes":""},"class_list":["post-948","page","type-page","status-publish","hentry"],"_links":{"self":[{"href":"https:\/\/www.empack.be\/fr\/wp-json\/wp\/v2\/pages\/948","targetHints":{"allow":["GET"]}}],"collection":[{"href":"https:\/\/www.empack.be\/fr\/wp-json\/wp\/v2\/pages"}],"about":[{"href":"https:\/\/www.empack.be\/fr\/wp-json\/wp\/v2\/types\/page"}],"author":[{"embeddable":true,"href":"https:\/\/www.empack.be\/fr\/wp-json\/wp\/v2\/users\/933"}],"replies":[{"embeddable":true,"href":"https:\/\/www.empack.be\/fr\/wp-json\/wp\/v2\/comments?post=948"}],"version-history":[{"count":5,"href":"https:\/\/www.empack.be\/fr\/wp-json\/wp\/v2\/pages\/948\/revisions"}],"predecessor-version":[{"id":57741,"href":"https:\/\/www.empack.be\/fr\/wp-json\/wp\/v2\/pages\/948\/revisions\/57741"}],"wp:attachment":[{"href":"https:\/\/www.empack.be\/fr\/wp-json\/wp\/v2\/media?parent=948"}],"curies":[{"name":"wp","href":"https:\/\/api.w.org\/{rel}","templated":true}]}}