{"id":23707,"date":"2025-04-30T13:35:40","date_gmt":"2025-04-30T12:35:40","guid":{"rendered":"https:\/\/www.empack.be\/mechelen-2025\/belgian-packaging-festival\/"},"modified":"2026-02-12T13:26:11","modified_gmt":"2026-02-12T12:26:11","slug":"belgian-packaging-festival","status":"publish","type":"page","link":"https:\/\/www.empack.be\/fr\/mechelen-2025\/belgian-packaging-festival\/","title":{"rendered":"Belgian Packaging Festival"},"content":{"rendered":"\t\t<div data-elementor-type=\"wp-page\" data-elementor-id=\"23707\" class=\"elementor elementor-23707 elementor-23600\" data-elementor-post-type=\"page\">\n\t\t\t\t<div class=\"elementor-element elementor-element-8924693 e-flex e-con-boxed e-con e-child\" data-id=\"8924693\" data-element_type=\"container\" data-settings=\"{&quot;background_background&quot;:&quot;classic&quot;}\">\n\t\t\t\t\t<div class=\"e-con-inner\">\n\t\t\t\t<div class=\"elementor-element elementor-element-8043d17 elementor-widget__width-initial elementor-widget elementor-widget-heading\" data-id=\"8043d17\" data-element_type=\"widget\" data-widget_type=\"heading.default\">\n\t\t\t\t<div class=\"elementor-widget-container\">\n\t\t\t\t\t<h1 class=\"elementor-heading-title elementor-size-default\">Belgian Packaging Festival<\/h1>\t\t\t\t<\/div>\n\t\t\t\t<\/div>\n\t\t\t\t<div class=\"elementor-element elementor-element-55ee4e4 elementor-widget__width-initial elementor-widget elementor-widget-heading\" data-id=\"55ee4e4\" data-element_type=\"widget\" data-widget_type=\"heading.default\">\n\t\t\t\t<div class=\"elementor-widget-container\">\n\t\t\t\t\t<h2 class=\"elementor-heading-title elementor-size-default\"> Le point de rencontre des marques, du design et de l'innovation en mati\u00e8re d'emballage<\/h2>\t\t\t\t<\/div>\n\t\t\t\t<\/div>\n\t\t\t\t\t<\/div>\n\t\t\t\t<\/div>\n\t\t<div class=\"elementor-element elementor-element-76fc62f e-flex e-con-boxed e-con e-parent\" data-id=\"76fc62f\" data-element_type=\"container\" data-settings=\"{&quot;background_background&quot;:&quot;classic&quot;}\">\n\t\t\t\t\t<div class=\"e-con-inner\">\n\t\t<div class=\"elementor-element elementor-element-2c70d00 e-flex e-con-boxed e-con e-child\" data-id=\"2c70d00\" data-element_type=\"container\" data-settings=\"{&quot;background_background&quot;:&quot;classic&quot;}\">\n\t\t\t\t\t<div class=\"e-con-inner\">\n\t\t<div class=\"elementor-element elementor-element-aac925e e-flex e-con-boxed e-con e-child\" data-id=\"aac925e\" data-element_type=\"container\">\n\t\t\t\t\t<div class=\"e-con-inner\">\n\t\t\t\t<div class=\"elementor-element elementor-element-d32026a elementor-widget elementor-widget-heading\" data-id=\"d32026a\" data-element_type=\"widget\" data-widget_type=\"heading.default\">\n\t\t\t\t<div class=\"elementor-widget-container\">\n\t\t\t\t\t<h2 class=\"elementor-heading-title elementor-size-default\">Qu'est-ce que le Belgian Packaging Festival ?<\/h2>\t\t\t\t<\/div>\n\t\t\t\t<\/div>\n\t\t\t\t<div class=\"elementor-element elementor-element-9f4073c elementor-widget elementor-widget-text-editor\" data-id=\"9f4073c\" data-element_type=\"widget\" data-widget_type=\"text-editor.default\">\n\t\t\t\t<div class=\"elementor-widget-container\">\n\t\t\t\t\t\t\t\t\t<p>Le Belgian Packaging Festival est le<strong> rendez-vous cr\u00e9atif<\/strong> incontournable du salon Empack Mechelen 2025, enti\u00e8rement consacr\u00e9 <strong>aux emballages primaires et secondaires.<\/strong> Dans une ambiance festive et inspirante, vous d\u00e9couvrirez les derni\u00e8res<strong> id\u00e9es, mat\u00e9riaux et designs<\/strong> qui d\u00e9termineront l&rsquo;avenir du packaging.<\/p>\n\t\t\t\t\t\t\t\t<\/div>\n\t\t\t\t<\/div>\n\t\t\t\t\t<\/div>\n\t\t\t\t<\/div>\n\t\t\t\t\t<\/div>\n\t\t\t\t<\/div>\n\t\t\t\t\t<\/div>\n\t\t\t\t<\/div>\n\t\t<div class=\"elementor-element elementor-element-cadeaf5 e-flex e-con-boxed e-con e-parent\" data-id=\"cadeaf5\" data-element_type=\"container\" data-settings=\"{&quot;background_background&quot;:&quot;classic&quot;}\">\n\t\t\t\t\t<div class=\"e-con-inner\">\n\t\t<div class=\"elementor-element elementor-element-dab06b8 e-flex e-con-boxed e-con e-child\" data-id=\"dab06b8\" data-element_type=\"container\" data-settings=\"{&quot;background_background&quot;:&quot;classic&quot;}\">\n\t\t\t\t\t<div class=\"e-con-inner\">\n\t\t<div class=\"elementor-element elementor-element-d1d8498 e-flex e-con-boxed e-con e-child\" data-id=\"d1d8498\" data-element_type=\"container\" data-settings=\"{&quot;background_background&quot;:&quot;classic&quot;}\">\n\t\t\t\t\t<div class=\"e-con-inner\">\n\t\t<div class=\"elementor-element elementor-element-631a9ad e-flex e-con-boxed e-con e-child\" data-id=\"631a9ad\" data-element_type=\"container\">\n\t\t\t\t\t<div class=\"e-con-inner\">\n\t\t\t\t<div class=\"elementor-element elementor-element-485b6bf elementor-widget elementor-widget-heading\" data-id=\"485b6bf\" data-element_type=\"widget\" data-widget_type=\"heading.default\">\n\t\t\t\t<div class=\"elementor-widget-container\">\n\t\t\t\t\t<h2 class=\"elementor-heading-title elementor-size-default\">\u00c0 quoi pouvez-vous vous attendre ?<\/h2>\t\t\t\t<\/div>\n\t\t\t\t<\/div>\n\t\t\t\t<div class=\"elementor-element elementor-element-7d01f0a elementor-widget elementor-widget-text-editor\" data-id=\"7d01f0a\" data-element_type=\"widget\" data-widget_type=\"text-editor.default\">\n\t\t\t\t<div class=\"elementor-widget-container\">\n\t\t\t\t\t\t\t\t\t<ul>\n<li><a href=\"https:\/\/www.empack.be\/mechelen-2025\/programma-empack\/conferenties-programma\/\"><strong>Hero Stage:<\/strong><\/a> conf\u00e9rences et \u00e9tudes de cas inspirantes<\/li>\n<li><a href=\"https:\/\/www.empack.be\/fr\/mechelen-2025\/programme-empack\/pentawards\/\"><strong>Pentawards Expo:<\/strong><\/a> le meilleur de l&rsquo;international en mati\u00e8re de designs d&#8217;emballages prim\u00e9s<\/li>\n<li><a href=\"https:\/\/www.empack.be\/fr\/mechelen-2025\/programme-empack\/pack-studio\/\"><strong>Pack Studio:<\/strong> <\/a>showroom pr\u00e9sentant les emballages primaires et secondaires de nos exposants<\/li>\n<li><a href=\"https:\/\/www.empack.be\/mechelen-2025\/programma-empack\/pakpaat\/\"><strong>Live Podcast \u201cPakpraat\u201d:<\/strong><\/a> analyses pointues et discussions avec des experts sur les tendances et les d\u00e9fis<\/li>\n<li><a href=\"https:\/\/www.empack.be\/mechelen-2025\/programma-empack\/packathon\/\"><strong>Packathon:<\/strong> \u00a0<\/a>un d\u00e9fi en direct dans lequel des \u00e9quipes d\u00e9veloppent des solutions cr\u00e9atives pour des cas r\u00e9els d&#8217;emballage, en collaboration avec la LUCA School of Arts, l&rsquo;Arteveldehogeschool et l&rsquo;AP Hogeschool<\/li>\n<\/ul>\n\t\t\t\t\t\t\t\t<\/div>\n\t\t\t\t<\/div>\n\t\t<div class=\"elementor-element elementor-element-4e6270f e-flex e-con-boxed e-con e-child\" data-id=\"4e6270f\" data-element_type=\"container\">\n\t\t\t\t\t<div class=\"e-con-inner\">\n\t\t\t\t<div class=\"elementor-element elementor-element-47db4ce elementor-align-center elementor-widget elementor-widget-button\" data-id=\"47db4ce\" data-element_type=\"widget\" data-widget_type=\"button.default\">\n\t\t\t\t<div class=\"elementor-widget-container\">\n\t\t\t\t\t\t\t\t\t<div class=\"elementor-button-wrapper\">\n\t\t\t\t\t<a class=\"elementor-button elementor-button-link elementor-size-sm\" href=\"mailto:%20Empack-be@easyfairs.com\">\n\t\t\t\t\t\t<span class=\"elementor-button-content-wrapper\">\n\t\t\t\t\t\t\t\t\t<span class=\"elementor-button-text\">D\u00e9couvrez les opportunit\u00e9s en tant qu'exposant<\/span>\n\t\t\t\t\t<\/span>\n\t\t\t\t\t<\/a>\n\t\t\t\t<\/div>\n\t\t\t\t\t\t\t\t<\/div>\n\t\t\t\t<\/div>\n\t\t\t\t\t<\/div>\n\t\t\t\t<\/div>\n\t\t\t\t\t<\/div>\n\t\t\t\t<\/div>\n\t\t\t\t\t<\/div>\n\t\t\t\t<\/div>\n\t\t\t\t\t<\/div>\n\t\t\t\t<\/div>\n\t\t<div class=\"elementor-element elementor-element-f01921d e-flex e-con-boxed e-con e-child\" data-id=\"f01921d\" data-element_type=\"container\">\n\t\t\t\t\t<div class=\"e-con-inner\">\n\t\t<div class=\"elementor-element elementor-element-8b97ea3 e-flex e-con-boxed e-con e-child\" data-id=\"8b97ea3\" data-element_type=\"container\" data-settings=\"{&quot;background_background&quot;:&quot;classic&quot;}\">\n\t\t\t\t\t<div class=\"e-con-inner\">\n\t\t<div class=\"elementor-element elementor-element-65373da e-flex e-con-boxed e-con e-child\" data-id=\"65373da\" data-element_type=\"container\" data-settings=\"{&quot;background_background&quot;:&quot;classic&quot;}\">\n\t\t\t\t\t<div class=\"e-con-inner\">\n\t\t\t\t<div class=\"elementor-element elementor-element-52c976e elementor-skin-carousel elementor-arrows-yes elementor-widget elementor-widget-media-carousel\" data-id=\"52c976e\" data-element_type=\"widget\" data-settings=\"{&quot;slides_per_view&quot;:&quot;3&quot;,&quot;slides_to_scroll&quot;:&quot;4&quot;,&quot;space_between&quot;:{&quot;unit&quot;:&quot;px&quot;,&quot;size&quot;:0,&quot;sizes&quot;:[]},&quot;skin&quot;:&quot;carousel&quot;,&quot;effect&quot;:&quot;slide&quot;,&quot;show_arrows&quot;:&quot;yes&quot;,&quot;speed&quot;:500,&quot;autoplay&quot;:&quot;yes&quot;,&quot;autoplay_speed&quot;:5000,&quot;loop&quot;:&quot;yes&quot;,&quot;pause_on_hover&quot;:&quot;yes&quot;,&quot;pause_on_interaction&quot;:&quot;yes&quot;,&quot;space_between_tablet&quot;:{&quot;unit&quot;:&quot;px&quot;,&quot;size&quot;:10,&quot;sizes&quot;:[]},&quot;space_between_mobile&quot;:{&quot;unit&quot;:&quot;px&quot;,&quot;size&quot;:10,&quot;sizes&quot;:[]}}\" data-widget_type=\"media-carousel.default\">\n\t\t\t\t<div class=\"elementor-widget-container\">\n\t\t\t\t\t\t\t\t\t<div class=\"elementor-swiper\">\n\t\t\t\t\t<div class=\"elementor-main-swiper swiper\" role=\"region\" aria-roledescription=\"carousel\" aria-label=\"Slides\">\n\t\t\t\t<div class=\"swiper-wrapper\">\n\t\t\t\t\t\t\t\t\t\t\t<div class=\"swiper-slide\" role=\"group\" aria-roledescription=\"slide\">\n\t\t\t\t\t\t\t\t\t<div class=\"elementor-carousel-image\" role=\"img\" aria-label=\"53305049664_1c918cd59e_c (1)\" style=\"background-image: url(&#039;https:\/\/easyfairsassets.com\/sites\/351\/2025\/04\/53305049664_1c918cd59e_c-1-300x200.jpg&#039;)\">\n\n\t\t\t\n\t\t\t\t\t<\/div>\n\t\t\t\t\t\t\t\t<\/div>\n\t\t\t\t\t\t\t\t\t\t\t<div class=\"swiper-slide\" role=\"group\" aria-roledescription=\"slide\">\n\t\t\t\t\t\t\t\t\t<div class=\"elementor-carousel-image\" role=\"img\" aria-label=\"53304930908_53407fbab5_c\" style=\"background-image: url(&#039;https:\/\/easyfairsassets.com\/sites\/351\/2025\/04\/53304930908_53407fbab5_c-300x200.jpg&#039;)\">\n\n\t\t\t\n\t\t\t\t\t<\/div>\n\t\t\t\t\t\t\t\t<\/div>\n\t\t\t\t\t\t\t\t\t\t\t<div class=\"swiper-slide\" role=\"group\" aria-roledescription=\"slide\">\n\t\t\t\t\t\t\t\t\t<div class=\"elementor-carousel-image\" role=\"img\" aria-label=\"recusros-empack-logistics-031\" style=\"background-image: url(&#039;https:\/\/easyfairsassets.com\/sites\/351\/2025\/04\/recusros-empack-logistics-031-300x200.jpg&#039;)\">\n\n\t\t\t\n\t\t\t\t\t<\/div>\n\t\t\t\t\t\t\t\t<\/div>\n\t\t\t\t\t\t\t\t\t\t\t<div class=\"swiper-slide\" role=\"group\" aria-roledescription=\"slide\">\n\t\t\t\t\t\t\t\t\t<div class=\"elementor-carousel-image\" role=\"img\" aria-label=\"recusros-empack-logistics-069\" style=\"background-image: url(&#039;https:\/\/easyfairsassets.com\/sites\/351\/2025\/04\/recusros-empack-logistics-069-300x200.jpg&#039;)\">\n\n\t\t\t\n\t\t\t\t\t<\/div>\n\t\t\t\t\t\t\t\t<\/div>\n\t\t\t\t\t\t\t\t\t\t\t<div class=\"swiper-slide\" role=\"group\" aria-roledescription=\"slide\">\n\t\t\t\t\t\t\t\t\t<div class=\"elementor-carousel-image\" role=\"img\" aria-label=\"recusros-empack-logistics-022\" style=\"background-image: url(&#039;https:\/\/easyfairsassets.com\/sites\/351\/2025\/04\/recusros-empack-logistics-022-300x200.jpg&#039;)\">\n\n\t\t\t\n\t\t\t\t\t<\/div>\n\t\t\t\t\t\t\t\t<\/div>\n\t\t\t\t\t\t\t\t\t\t\t<div class=\"swiper-slide\" role=\"group\" aria-roledescription=\"slide\">\n\t\t\t\t\t\t\t\t\t<div class=\"elementor-carousel-image\" role=\"img\" aria-label=\"recusros-empack-logistics-012\" style=\"background-image: url(&#039;https:\/\/easyfairsassets.com\/sites\/351\/2025\/04\/recusros-empack-logistics-012-300x200.jpg&#039;)\">\n\n\t\t\t\n\t\t\t\t\t<\/div>\n\t\t\t\t\t\t\t\t<\/div>\n\t\t\t\t\t\t\t\t\t\t\t<div class=\"swiper-slide\" role=\"group\" aria-roledescription=\"slide\">\n\t\t\t\t\t\t\t\t\t<div class=\"elementor-carousel-image\" role=\"img\" aria-label=\"recusros-empack-logistics-057\" style=\"background-image: url(&#039;https:\/\/easyfairsassets.com\/sites\/351\/2025\/04\/recusros-empack-logistics-057-300x200.jpg&#039;)\">\n\n\t\t\t\n\t\t\t\t\t<\/div>\n\t\t\t\t\t\t\t\t<\/div>\n\t\t\t\t\t\t\t\t\t<\/div>\n\t\t\t\t\t\t\t\t\t\t\t\t\t\t\t<div class=\"elementor-swiper-button elementor-swiper-button-prev\" role=\"button\" tabindex=\"0\" aria-label=\"Previous\">\n\t\t\t\t\t\t\t<svg aria-hidden=\"true\" class=\"e-font-icon-svg e-eicon-chevron-left\" viewBox=\"0 0 1000 1000\" xmlns=\"http:\/\/www.w3.org\/2000\/svg\"><path d=\"M646 125C629 125 613 133 604 142L308 442C296 454 292 471 292 487 292 504 296 521 308 533L604 854C617 867 629 875 646 875 663 875 679 871 692 858 704 846 713 829 713 812 713 796 708 779 692 767L438 487 692 225C700 217 708 204 708 187 708 171 704 154 692 142 675 129 663 125 646 125Z\"><\/path><\/svg>\t\t\t\t\t\t<\/div>\n\t\t\t\t\t\t<div class=\"elementor-swiper-button elementor-swiper-button-next\" role=\"button\" tabindex=\"0\" aria-label=\"Next\">\n\t\t\t\t\t\t\t<svg aria-hidden=\"true\" class=\"e-font-icon-svg e-eicon-chevron-right\" viewBox=\"0 0 1000 1000\" xmlns=\"http:\/\/www.w3.org\/2000\/svg\"><path d=\"M696 533C708 521 713 504 713 487 713 471 708 454 696 446L400 146C388 133 375 125 354 125 338 125 325 129 313 142 300 154 292 171 292 187 292 204 296 221 308 233L563 492 304 771C292 783 288 800 288 817 288 833 296 850 308 863 321 871 338 875 354 875 371 875 388 867 400 854L696 533Z\"><\/path><\/svg>\t\t\t\t\t\t<\/div>\n\t\t\t\t\t\t\t\t\t\t\t\t\t\t\t\t\t<\/div>\n\t\t\t\t<\/div>\n\t\t\t\t\t\t\t\t<\/div>\n\t\t\t\t<\/div>\n\t\t\t\t\t<\/div>\n\t\t\t\t<\/div>\n\t\t\t\t\t<\/div>\n\t\t\t\t<\/div>\n\t\t\t\t\t<\/div>\n\t\t\t\t<\/div>\n\t\t\t\t\t<\/div>\n\t\t\t\t<\/div>\n\t\t<div class=\"elementor-element elementor-element-8abaa80 e-flex e-con-boxed e-con e-parent\" data-id=\"8abaa80\" data-element_type=\"container\" data-settings=\"{&quot;background_background&quot;:&quot;classic&quot;}\">\n\t\t\t\t\t<div class=\"e-con-inner\">\n\t\t<div class=\"elementor-element elementor-element-64e43fd e-flex e-con-boxed e-con e-child\" data-id=\"64e43fd\" data-element_type=\"container\">\n\t\t\t\t\t<div class=\"e-con-inner\">\n\t\t<div class=\"elementor-element elementor-element-59af4db e-flex e-con-boxed e-con e-child\" data-id=\"59af4db\" data-element_type=\"container\">\n\t\t\t\t\t<div class=\"e-con-inner\">\n\t\t<div class=\"elementor-element elementor-element-9619bde e-flex e-con-boxed e-con e-child\" data-id=\"9619bde\" data-element_type=\"container\">\n\t\t\t\t\t<div class=\"e-con-inner\">\n\t\t<div class=\"elementor-element elementor-element-6456fd7 e-flex e-con-boxed e-con e-child\" data-id=\"6456fd7\" data-element_type=\"container\" data-settings=\"{&quot;background_background&quot;:&quot;classic&quot;}\">\n\t\t\t\t\t<div class=\"e-con-inner\">\n\t\t<div class=\"elementor-element elementor-element-588da58 e-con-full e-grid e-con e-child\" data-id=\"588da58\" data-element_type=\"container\">\n\t\t<div class=\"elementor-element elementor-element-1f97f1d e-flex e-con-boxed e-con e-child\" data-id=\"1f97f1d\" data-element_type=\"container\" data-settings=\"{&quot;background_background&quot;:&quot;classic&quot;}\">\n\t\t\t\t\t<div class=\"e-con-inner\">\n\t\t<div class=\"elementor-element elementor-element-7f0e367 e-con-full e-flex e-con e-child\" data-id=\"7f0e367\" data-element_type=\"container\">\n\t\t<div class=\"elementor-element elementor-element-7f74530 e-flex e-con-boxed e-con e-child\" data-id=\"7f74530\" data-element_type=\"container\">\n\t\t\t\t\t<div class=\"e-con-inner\">\n\t\t\t\t<div class=\"elementor-element elementor-element-93764d3 elementor-widget elementor-widget-heading\" data-id=\"93764d3\" data-element_type=\"widget\" data-widget_type=\"heading.default\">\n\t\t\t\t<div class=\"elementor-widget-container\">\n\t\t\t\t\t<h2 class=\"elementor-heading-title elementor-size-default\">Pourquoi visiter ?<\/h2>\t\t\t\t<\/div>\n\t\t\t\t<\/div>\n\t\t\t\t<div class=\"elementor-element elementor-element-8667cad elementor-widget elementor-widget-text-editor\" data-id=\"8667cad\" data-element_type=\"widget\" data-widget_type=\"text-editor.default\">\n\t\t\t\t<div class=\"elementor-widget-container\">\n\t\t\t\t\t\t\t\t\t<ul>\n<li aria-setsize=\"-1\" data-leveltext=\"\uf0b7\" data-font=\"Symbol\" data-listid=\"1\" data-list-defn-props=\"{&quot;335552541&quot;:1,&quot;335559685&quot;:360,&quot;335559991&quot;:360,&quot;469769226&quot;:&quot;Symbol&quot;,&quot;469769242&quot;:[8226],&quot;469777803&quot;:&quot;left&quot;,&quot;469777804&quot;:&quot;\uf0b7&quot;,&quot;469777815&quot;:&quot;multilevel&quot;}\" data-aria-posinset=\"6\" data-aria-level=\"1\"><span data-ccp-props=\"{}\">D\u00e9couvrez des solutions <strong>d&#8217;emballage cr\u00e9atives, durables et innovantes. <\/strong><\/span><\/li>\n<\/ul>\n<p><\/p>\n<ul>\n<li aria-setsize=\"-1\" data-leveltext=\"\uf0b7\" data-font=\"Symbol\" data-listid=\"1\" data-list-defn-props=\"{&quot;335552541&quot;:1,&quot;335559685&quot;:360,&quot;335559991&quot;:360,&quot;469769226&quot;:&quot;Symbol&quot;,&quot;469769242&quot;:[8226],&quot;469777803&quot;:&quot;left&quot;,&quot;469777804&quot;:&quot;\uf0b7&quot;,&quot;469777815&quot;:&quot;multilevel&quot;}\" data-aria-posinset=\"7\" data-aria-level=\"1\">Laissez-vous inspirer par <strong>des cas retentissants et des designs prim\u00e9s.<\/strong><\/li>\n<\/ul>\n<p><\/p>\n<ul>\n<li aria-setsize=\"-1\" data-leveltext=\"\uf0b7\" data-font=\"Symbol\" data-listid=\"1\" data-list-defn-props=\"{&quot;335552541&quot;:1,&quot;335559685&quot;:360,&quot;335559991&quot;:360,&quot;469769226&quot;:&quot;Symbol&quot;,&quot;469769242&quot;:[8226],&quot;469777803&quot;:&quot;left&quot;,&quot;469777804&quot;:&quot;\uf0b7&quot;,&quot;469777815&quot;:&quot;multilevel&quot;}\" data-aria-posinset=\"8\" data-aria-level=\"1\">Vivez l&rsquo;\u00e9nergie du <strong>Packathon :<\/strong> l&rsquo;innovation en action en direct.<\/li>\n<\/ul>\n<p><\/p>\n<ul>\n<li aria-setsize=\"-1\" data-leveltext=\"\uf0b7\" data-font=\"Symbol\" data-listid=\"1\" data-list-defn-props=\"{&quot;335552541&quot;:1,&quot;335559685&quot;:360,&quot;335559991&quot;:360,&quot;469769226&quot;:&quot;Symbol&quot;,&quot;469769242&quot;:[8226],&quot;469777803&quot;:&quot;left&quot;,&quot;469777804&quot;:&quot;\uf0b7&quot;,&quot;469777815&quot;:&quot;multilevel&quot;}\" data-aria-posinset=\"9\" data-aria-level=\"1\">D\u00e9couvrez les derni\u00e8res innovations des <strong>fabricants d&#8217;emballages primaires et secondaires<\/strong> et des fournisseurs de <strong>mat\u00e9riaux durables.<\/strong><\/li>\n<\/ul>\n<p><\/p>\n<ul>\n<li aria-setsize=\"-1\" data-leveltext=\"\uf0b7\" data-font=\"Symbol\" data-listid=\"1\" data-list-defn-props=\"{&quot;335552541&quot;:1,&quot;335559685&quot;:360,&quot;335559991&quot;:360,&quot;469769226&quot;:&quot;Symbol&quot;,&quot;469769242&quot;:[8226],&quot;469777803&quot;:&quot;left&quot;,&quot;469777804&quot;:&quot;\uf0b7&quot;,&quot;469777815&quot;:&quot;multilevel&quot;}\" data-aria-posinset=\"10\" data-aria-level=\"1\">\u00c9coutez en direct <strong>le podcast \u00ab Pakpraat \u00bb<\/strong>, dans lequel des experts partagent leur vision des tendances et des d\u00e9fis dans le domaine de l&#8217;emballage.<\/li>\n<\/ul>\n<p><\/p>\n<ul>\n<li aria-setsize=\"-1\" data-leveltext=\"\uf0b7\" data-font=\"Symbol\" data-listid=\"1\" data-list-defn-props=\"{&quot;335552541&quot;:1,&quot;335559685&quot;:360,&quot;335559991&quot;:360,&quot;469769226&quot;:&quot;Symbol&quot;,&quot;469769242&quot;:[8226],&quot;469777803&quot;:&quot;left&quot;,&quot;469777804&quot;:&quot;\uf0b7&quot;,&quot;469777815&quot;:&quot;multilevel&quot;}\" data-aria-posinset=\"11\" data-aria-level=\"1\">Repartez avec de nouvelles id\u00e9es et de nouveaux contacts pour p\u00e9renniser <strong>votre marque et vos emballages.<\/strong><\/li>\n<\/ul>\n\t\t\t\t\t\t\t\t<\/div>\n\t\t\t\t<\/div>\n\t\t\t\t\t<\/div>\n\t\t\t\t<\/div>\n\t\t\t\t<\/div>\n\t\t\t\t\t<\/div>\n\t\t\t\t<\/div>\n\t\t<div class=\"elementor-element elementor-element-603082e e-flex e-con-boxed e-con e-child\" data-id=\"603082e\" data-element_type=\"container\" data-settings=\"{&quot;background_background&quot;:&quot;classic&quot;}\">\n\t\t\t\t\t<div class=\"e-con-inner\">\n\t\t\t\t<div class=\"elementor-element elementor-element-d12da02 elementor-widget elementor-widget-heading\" data-id=\"d12da02\" data-element_type=\"widget\" data-widget_type=\"heading.default\">\n\t\t\t\t<div class=\"elementor-widget-container\">\n\t\t\t\t\t<h2 class=\"elementor-heading-title elementor-size-default\">Pratique<\/h2>\t\t\t\t<\/div>\n\t\t\t\t<\/div>\n\t\t\t\t<div class=\"elementor-element elementor-element-fa67889 elementor-widget elementor-widget-text-editor\" data-id=\"fa67889\" data-element_type=\"widget\" data-widget_type=\"text-editor.default\">\n\t\t\t\t<div class=\"elementor-widget-container\">\n\t\t\t\t\t\t\t\t\t<p>\ud83d\udccd Au salon Empack Mechelen 2025 \u2013 22 et 23 octobre<br \/>\ud83c\udf9f Entr\u00e9e gratuite apr\u00e8s inscription<\/p>\n<p><strong>Ne manquez pas cet \u00e9v\u00e9nement<\/strong><br \/>Venez vivre le moment cr\u00e9atif de l&rsquo;ann\u00e9e en mati\u00e8re d&#8217;emballage.<\/p>\n\t\t\t\t\t\t\t\t<\/div>\n\t\t\t\t<\/div>\n\t\t\t\t\t<\/div>\n\t\t\t\t<\/div>\n\t\t\t\t<\/div>\n\t\t\t\t\t<\/div>\n\t\t\t\t<\/div>\n\t\t\t\t<div class=\"elementor-element elementor-element-300d5fe elementor-align-center elementor-widget elementor-widget-button\" data-id=\"300d5fe\" data-element_type=\"widget\" data-widget_type=\"button.default\">\n\t\t\t\t<div class=\"elementor-widget-container\">\n\t\t\t\t\t\t\t\t\t<div class=\"elementor-button-wrapper\">\n\t\t\t\t\t<a class=\"elementor-button elementor-button-link elementor-size-sm\" href=\"mailto:%20marketing-empack@easyfairs.com\">\n\t\t\t\t\t\t<span class=\"elementor-button-content-wrapper\">\n\t\t\t\t\t\t\t\t\t<span class=\"elementor-button-text\">Plus d'info?<\/span>\n\t\t\t\t\t<\/span>\n\t\t\t\t\t<\/a>\n\t\t\t\t<\/div>\n\t\t\t\t\t\t\t\t<\/div>\n\t\t\t\t<\/div>\n\t\t\t\t\t<\/div>\n\t\t\t\t<\/div>\n\t\t\t\t\t<\/div>\n\t\t\t\t<\/div>\n\t\t\t\t\t<\/div>\n\t\t\t\t<\/div>\n\t\t\t\t\t<\/div>\n\t\t\t\t<\/div>\n\t\t\t\t<\/div>\n\t\t","protected":false},"excerpt":{"rendered":"<p>Belgian Packaging Festival Le point de rencontre des marques, du design et de l&rsquo;innovation en mati\u00e8re d&#8217;emballage Qu&rsquo;est-ce que le Belgian Packaging Festival ? Le Belgian Packaging Festival est le rendez-vous cr\u00e9atif incontournable du salon Empack Mechelen 2025, enti\u00e8rement consacr\u00e9 aux emballages primaires et secondaires. Dans une ambiance festive et inspirante, vous d\u00e9couvrirez les derni\u00e8res [&hellip;]<\/p>\n","protected":false},"author":1351,"featured_media":0,"parent":13893,"menu_order":0,"comment_status":"closed","ping_status":"closed","template":"","meta":{"_seopress_robots_primary_cat":"","_seopress_titles_title":"Belgian Packaging Festival | Empack Gand 2026","_seopress_titles_desc":"D\u00e9couvrez le Belgian Packaging Festival \u00e0 Empack Gand : l\u00e0 o\u00f9 marques, designers et innovation en emballage se rencontrent dans une zone d\u2019exp\u00e9rience inspirante.\r\n\r\n","_seopress_robots_index":"","footnotes":""},"class_list":["post-23707","page","type-page","status-publish","hentry"],"_links":{"self":[{"href":"https:\/\/www.empack.be\/fr\/wp-json\/wp\/v2\/pages\/23707","targetHints":{"allow":["GET"]}}],"collection":[{"href":"https:\/\/www.empack.be\/fr\/wp-json\/wp\/v2\/pages"}],"about":[{"href":"https:\/\/www.empack.be\/fr\/wp-json\/wp\/v2\/types\/page"}],"author":[{"embeddable":true,"href":"https:\/\/www.empack.be\/fr\/wp-json\/wp\/v2\/users\/1351"}],"replies":[{"embeddable":true,"href":"https:\/\/www.empack.be\/fr\/wp-json\/wp\/v2\/comments?post=23707"}],"version-history":[{"count":5,"href":"https:\/\/www.empack.be\/fr\/wp-json\/wp\/v2\/pages\/23707\/revisions"}],"predecessor-version":[{"id":53926,"href":"https:\/\/www.empack.be\/fr\/wp-json\/wp\/v2\/pages\/23707\/revisions\/53926"}],"up":[{"embeddable":true,"href":"https:\/\/www.empack.be\/fr\/wp-json\/wp\/v2\/pages\/13893"}],"wp:attachment":[{"href":"https:\/\/www.empack.be\/fr\/wp-json\/wp\/v2\/media?parent=23707"}],"curies":[{"name":"wp","href":"https:\/\/api.w.org\/{rel}","templated":true}]}}